{"id":941,"date":"2018-09-08T12:29:12","date_gmt":"2018-09-08T12:29:12","guid":{"rendered":"https:\/\/picot-irenee-potier-ceramiste.fr\/?page_id=941"},"modified":"2019-12-28T13:43:36","modified_gmt":"2019-12-28T13:43:36","slug":"la-maison-du-potier-2","status":"publish","type":"page","link":"https:\/\/picot-irenee-potier-ceramiste.fr\/?page_id=941","title":{"rendered":"Le G\u00eete du Moulin"},"content":{"rendered":"<div>\n<div>\n<div dir=\"ltr\">\n<div>\n<div>\n<div>\n<div dir=\"ltr\">\n<p class=\"_6z3til\"><span class=\"_czm8crp\">Une vue panoramique sur la cha\u00eene des Pyr\u00e9n\u00e9es \u00e0 vous couper le souffle !<br \/>\nUn endroit de r\u00eave, parfait pour se ressourcer \u00e0 la campagne !<br \/>\nLac, rivi\u00e8re pour la baignade, cano\u00e9 kayak, planche \u00e0 voile, ballades, centre \u00e9questre etc&#8230;<br \/>\nA proximit\u00e9, de nombreux sites touristiques \u00e0 d\u00e9couvrir : Mirepoix, Carcassonne, le canal du midi, les ch\u00e2teaux Cathares, le parc de la pr\u00e9histoire etc&#8230;.<br \/>\nDes commerces dans le village, des march\u00e9s typiques, de bons restaurants dans la r\u00e9gion \u00e0 d\u00e9couvrir.<\/span><\/p>\n<\/div>\n<\/div>\n<\/div>\n<\/div>\n<p class=\"_6z3til\"><span class=\"_fgdupie\">\u00a0<\/span><\/p>\n<p><img loading=\"lazy\" decoding=\"async\" data-attachment-id=\"1059\" data-permalink=\"https:\/\/picot-irenee-potier-ceramiste.fr\/?attachment_id=1059\" data-orig-file=\"https:\/\/picot-irenee-potier-ceramiste.fr\/wp-content\/uploads\/2018\/09\/20190329_144737.jpg\" data-orig-size=\"3024,4032\" data-comments-opened=\"1\" data-image-meta=\"{&quot;aperture&quot;:&quot;1.7&quot;,&quot;credit&quot;:&quot;&quot;,&quot;camera&quot;:&quot;SM-G935F&quot;,&quot;caption&quot;:&quot;&quot;,&quot;created_timestamp&quot;:&quot;1553870857&quot;,&quot;copyright&quot;:&quot;&quot;,&quot;focal_length&quot;:&quot;4.2&quot;,&quot;iso&quot;:&quot;40&quot;,&quot;shutter_speed&quot;:&quot;0.00034059945504087&quot;,&quot;title&quot;:&quot;&quot;,&quot;orientation&quot;:&quot;1&quot;}\" data-image-title=\"20190329_144737\" data-image-description=\"\" data-image-caption=\"\" data-large-file=\"https:\/\/picot-irenee-potier-ceramiste.fr\/wp-content\/uploads\/2018\/09\/20190329_144737-768x1024.jpg\" class=\"alignnone wp-image-1059\" src=\"https:\/\/picot-irenee-potier-ceramiste.fr\/wp-content\/uploads\/2018\/09\/20190329_144737-225x300.jpg\" alt=\"\" width=\"205\" height=\"273\" srcset=\"https:\/\/picot-irenee-potier-ceramiste.fr\/wp-content\/uploads\/2018\/09\/20190329_144737-225x300.jpg 225w, https:\/\/picot-irenee-potier-ceramiste.fr\/wp-content\/uploads\/2018\/09\/20190329_144737-768x1024.jpg 768w\" sizes=\"auto, (max-width: 205px) 100vw, 205px\" \/> <img loading=\"lazy\" decoding=\"async\" data-attachment-id=\"1053\" data-permalink=\"https:\/\/picot-irenee-potier-ceramiste.fr\/?attachment_id=1053\" data-orig-file=\"https:\/\/picot-irenee-potier-ceramiste.fr\/wp-content\/uploads\/2018\/09\/84-b-pyr\u00e9n\u00e9es-vue-du-moulin.jpg\" data-orig-size=\"1920,1080\" data-comments-opened=\"1\" data-image-meta=\"{&quot;aperture&quot;:&quot;10&quot;,&quot;credit&quot;:&quot;&quot;,&quot;camera&quot;:&quot;FinePix S2995&quot;,&quot;caption&quot;:&quot;&quot;,&quot;created_timestamp&quot;:&quot;971883706&quot;,&quot;copyright&quot;:&quot;&quot;,&quot;focal_length&quot;:&quot;28.3&quot;,&quot;iso&quot;:&quot;64&quot;,&quot;shutter_speed&quot;:&quot;0.0071428571428571&quot;,&quot;title&quot;:&quot;&quot;,&quot;orientation&quot;:&quot;1&quot;}\" data-image-title=\"84 b pyr\u00e9n\u00e9es vue du moulin\" data-image-description=\"\" data-image-caption=\"\" data-large-file=\"https:\/\/picot-irenee-potier-ceramiste.fr\/wp-content\/uploads\/2018\/09\/84-b-pyr\u00e9n\u00e9es-vue-du-moulin-1024x576.jpg\" class=\"alignnone wp-image-1053\" src=\"https:\/\/picot-irenee-potier-ceramiste.fr\/wp-content\/uploads\/2018\/09\/84-b-pyr\u00e9n\u00e9es-vue-du-moulin-300x169.jpg\" alt=\"\" width=\"479\" height=\"270\" srcset=\"https:\/\/picot-irenee-potier-ceramiste.fr\/wp-content\/uploads\/2018\/09\/84-b-pyr\u00e9n\u00e9es-vue-du-moulin-300x169.jpg 300w, https:\/\/picot-irenee-potier-ceramiste.fr\/wp-content\/uploads\/2018\/09\/84-b-pyr\u00e9n\u00e9es-vue-du-moulin-768x432.jpg 768w, https:\/\/picot-irenee-potier-ceramiste.fr\/wp-content\/uploads\/2018\/09\/84-b-pyr\u00e9n\u00e9es-vue-du-moulin-1024x576.jpg 1024w, https:\/\/picot-irenee-potier-ceramiste.fr\/wp-content\/uploads\/2018\/09\/84-b-pyr\u00e9n\u00e9es-vue-du-moulin.jpg 1920w\" sizes=\"auto, (max-width: 479px) 100vw, 479px\" \/><\/p>\n<p><img loading=\"lazy\" decoding=\"async\" data-attachment-id=\"1062\" data-permalink=\"https:\/\/picot-irenee-potier-ceramiste.fr\/?attachment_id=1062\" data-orig-file=\"https:\/\/picot-irenee-potier-ceramiste.fr\/wp-content\/uploads\/2018\/09\/20190523_150539.jpg\" data-orig-size=\"4032,3024\" data-comments-opened=\"1\" data-image-meta=\"{&quot;aperture&quot;:&quot;1.7&quot;,&quot;credit&quot;:&quot;&quot;,&quot;camera&quot;:&quot;SM-G935F&quot;,&quot;caption&quot;:&quot;&quot;,&quot;created_timestamp&quot;:&quot;1558623939&quot;,&quot;copyright&quot;:&quot;&quot;,&quot;focal_length&quot;:&quot;4.2&quot;,&quot;iso&quot;:&quot;40&quot;,&quot;shutter_speed&quot;:&quot;0.00052854122621564&quot;,&quot;title&quot;:&quot;&quot;,&quot;orientation&quot;:&quot;1&quot;}\" data-image-title=\"20190523_150539\" data-image-description=\"\" data-image-caption=\"\" data-large-file=\"https:\/\/picot-irenee-potier-ceramiste.fr\/wp-content\/uploads\/2018\/09\/20190523_150539-1024x768.jpg\" class=\"alignnone wp-image-1062\" src=\"https:\/\/picot-irenee-potier-ceramiste.fr\/wp-content\/uploads\/2018\/09\/20190523_150539-300x225.jpg\" alt=\"\" width=\"367\" height=\"275\" srcset=\"https:\/\/picot-irenee-potier-ceramiste.fr\/wp-content\/uploads\/2018\/09\/20190523_150539-300x225.jpg 300w, https:\/\/picot-irenee-potier-ceramiste.fr\/wp-content\/uploads\/2018\/09\/20190523_150539-768x576.jpg 768w, https:\/\/picot-irenee-potier-ceramiste.fr\/wp-content\/uploads\/2018\/09\/20190523_150539-1024x768.jpg 1024w\" sizes=\"auto, (max-width: 367px) 100vw, 367px\" \/><\/p>\n<\/div>\n<\/div>\n<\/div>\n<p>&nbsp;<\/p>\n<div>\n<div>\n<div dir=\"ltr\">\n<div>\n<div>\n<div dir=\"ltr\">\n<p class=\"_6z3til\"><span class=\"_czm8crp\">Un havre de paix pour \u00e9couter le chant des oiseaux, un endroit magique, pour scruter les \u00e9toiles filantes en \u00e9t\u00e9, la tranquillit\u00e9 absolue.<br \/>\nUn cocon pour les amoureux !<br \/>\nLe gite est tr\u00e8s agr\u00e9able avec un \u00e9quipement complet, pour nos voyageurs. Nous sommes impatients de vous recevoir !<\/span><\/p>\n<\/div>\n<\/div>\n<\/div>\n<p class=\"_6z3til\"><span class=\"_fgdupie\">A l&rsquo;int\u00e9rieur, le g\u00eete dispose d&rsquo;une chambre,<\/span><\/p>\n<p><img loading=\"lazy\" decoding=\"async\" data-attachment-id=\"1060\" data-permalink=\"https:\/\/picot-irenee-potier-ceramiste.fr\/?attachment_id=1060\" data-orig-file=\"https:\/\/picot-irenee-potier-ceramiste.fr\/wp-content\/uploads\/2018\/09\/20190329_145615.jpg\" data-orig-size=\"3024,4032\" data-comments-opened=\"1\" data-image-meta=\"{&quot;aperture&quot;:&quot;1.7&quot;,&quot;credit&quot;:&quot;&quot;,&quot;camera&quot;:&quot;SM-G935F&quot;,&quot;caption&quot;:&quot;&quot;,&quot;created_timestamp&quot;:&quot;1553871375&quot;,&quot;copyright&quot;:&quot;&quot;,&quot;focal_length&quot;:&quot;4.2&quot;,&quot;iso&quot;:&quot;100&quot;,&quot;shutter_speed&quot;:&quot;0.02&quot;,&quot;title&quot;:&quot;&quot;,&quot;orientation&quot;:&quot;1&quot;}\" data-image-title=\"20190329_145615\" data-image-description=\"\" data-image-caption=\"\" data-large-file=\"https:\/\/picot-irenee-potier-ceramiste.fr\/wp-content\/uploads\/2018\/09\/20190329_145615-768x1024.jpg\" class=\"alignnone size-medium wp-image-1060\" src=\"https:\/\/picot-irenee-potier-ceramiste.fr\/wp-content\/uploads\/2018\/09\/20190329_145615-225x300.jpg\" alt=\"\" width=\"225\" height=\"300\" srcset=\"https:\/\/picot-irenee-potier-ceramiste.fr\/wp-content\/uploads\/2018\/09\/20190329_145615-225x300.jpg 225w, https:\/\/picot-irenee-potier-ceramiste.fr\/wp-content\/uploads\/2018\/09\/20190329_145615-768x1024.jpg 768w\" sizes=\"auto, (max-width: 225px) 100vw, 225px\" \/><\/p>\n<p>&nbsp;<\/p>\n<p>&nbsp;<\/p>\n<p class=\"_6z3til\"><span class=\"_fgdupie\">D&rsquo;une salle de bain,<br \/>\n<\/span><\/p>\n<p><img loading=\"lazy\" decoding=\"async\" data-attachment-id=\"1054\" data-permalink=\"https:\/\/picot-irenee-potier-ceramiste.fr\/?attachment_id=1054\" data-orig-file=\"https:\/\/picot-irenee-potier-ceramiste.fr\/wp-content\/uploads\/2018\/09\/20190326_150949.jpg\" data-orig-size=\"3024,4032\" data-comments-opened=\"1\" data-image-meta=\"{&quot;aperture&quot;:&quot;1.7&quot;,&quot;credit&quot;:&quot;&quot;,&quot;camera&quot;:&quot;SM-G935F&quot;,&quot;caption&quot;:&quot;&quot;,&quot;created_timestamp&quot;:&quot;1553612989&quot;,&quot;copyright&quot;:&quot;&quot;,&quot;focal_length&quot;:&quot;4.2&quot;,&quot;iso&quot;:&quot;250&quot;,&quot;shutter_speed&quot;:&quot;0.090909090909091&quot;,&quot;title&quot;:&quot;&quot;,&quot;orientation&quot;:&quot;1&quot;}\" data-image-title=\"20190326_150949\" data-image-description=\"\" data-image-caption=\"\" data-large-file=\"https:\/\/picot-irenee-potier-ceramiste.fr\/wp-content\/uploads\/2018\/09\/20190326_150949-768x1024.jpg\" class=\"alignnone size-medium wp-image-1054\" src=\"https:\/\/picot-irenee-potier-ceramiste.fr\/wp-content\/uploads\/2018\/09\/20190326_150949-225x300.jpg\" alt=\"\" width=\"225\" height=\"300\" srcset=\"https:\/\/picot-irenee-potier-ceramiste.fr\/wp-content\/uploads\/2018\/09\/20190326_150949-225x300.jpg 225w, https:\/\/picot-irenee-potier-ceramiste.fr\/wp-content\/uploads\/2018\/09\/20190326_150949-768x1024.jpg 768w\" sizes=\"auto, (max-width: 225px) 100vw, 225px\" \/> <img loading=\"lazy\" decoding=\"async\" data-attachment-id=\"1058\" data-permalink=\"https:\/\/picot-irenee-potier-ceramiste.fr\/?attachment_id=1058\" data-orig-file=\"https:\/\/picot-irenee-potier-ceramiste.fr\/wp-content\/uploads\/2018\/09\/20190326_150917.jpg\" data-orig-size=\"3024,4032\" data-comments-opened=\"1\" data-image-meta=\"{&quot;aperture&quot;:&quot;1.7&quot;,&quot;credit&quot;:&quot;&quot;,&quot;camera&quot;:&quot;SM-G935F&quot;,&quot;caption&quot;:&quot;&quot;,&quot;created_timestamp&quot;:&quot;1553612957&quot;,&quot;copyright&quot;:&quot;&quot;,&quot;focal_length&quot;:&quot;4.2&quot;,&quot;iso&quot;:&quot;200&quot;,&quot;shutter_speed&quot;:&quot;0.04&quot;,&quot;title&quot;:&quot;&quot;,&quot;orientation&quot;:&quot;1&quot;}\" data-image-title=\"20190326_150917\" data-image-description=\"\" data-image-caption=\"\" data-large-file=\"https:\/\/picot-irenee-potier-ceramiste.fr\/wp-content\/uploads\/2018\/09\/20190326_150917-768x1024.jpg\" class=\"alignnone size-medium wp-image-1058\" src=\"https:\/\/picot-irenee-potier-ceramiste.fr\/wp-content\/uploads\/2018\/09\/20190326_150917-225x300.jpg\" alt=\"\" width=\"225\" height=\"300\" srcset=\"https:\/\/picot-irenee-potier-ceramiste.fr\/wp-content\/uploads\/2018\/09\/20190326_150917-225x300.jpg 225w, https:\/\/picot-irenee-potier-ceramiste.fr\/wp-content\/uploads\/2018\/09\/20190326_150917-768x1024.jpg 768w\" sizes=\"auto, (max-width: 225px) 100vw, 225px\" \/><\/p>\n<p>&nbsp;<\/p>\n<p class=\"_6z3til\"><span class=\"_fgdupie\">Et d&rsquo;une cuisine\/salle \u00e0 manger&#8230;<\/span><\/p>\n<p class=\"_6z3til\"><img loading=\"lazy\" decoding=\"async\" data-attachment-id=\"1055\" data-permalink=\"https:\/\/picot-irenee-potier-ceramiste.fr\/?attachment_id=1055\" data-orig-file=\"https:\/\/picot-irenee-potier-ceramiste.fr\/wp-content\/uploads\/2018\/09\/20190326_151131.jpg\" data-orig-size=\"3024,4032\" data-comments-opened=\"1\" data-image-meta=\"{&quot;aperture&quot;:&quot;1.7&quot;,&quot;credit&quot;:&quot;&quot;,&quot;camera&quot;:&quot;SM-G935F&quot;,&quot;caption&quot;:&quot;&quot;,&quot;created_timestamp&quot;:&quot;1553613091&quot;,&quot;copyright&quot;:&quot;&quot;,&quot;focal_length&quot;:&quot;4.2&quot;,&quot;iso&quot;:&quot;50&quot;,&quot;shutter_speed&quot;:&quot;0.016666666666667&quot;,&quot;title&quot;:&quot;&quot;,&quot;orientation&quot;:&quot;1&quot;}\" data-image-title=\"20190326_151131\" data-image-description=\"\" data-image-caption=\"\" data-large-file=\"https:\/\/picot-irenee-potier-ceramiste.fr\/wp-content\/uploads\/2018\/09\/20190326_151131-768x1024.jpg\" class=\"alignnone size-medium wp-image-1055\" src=\"https:\/\/picot-irenee-potier-ceramiste.fr\/wp-content\/uploads\/2018\/09\/20190326_151131-225x300.jpg\" alt=\"\" width=\"225\" height=\"300\" srcset=\"https:\/\/picot-irenee-potier-ceramiste.fr\/wp-content\/uploads\/2018\/09\/20190326_151131-225x300.jpg 225w, https:\/\/picot-irenee-potier-ceramiste.fr\/wp-content\/uploads\/2018\/09\/20190326_151131-768x1024.jpg 768w\" sizes=\"auto, (max-width: 225px) 100vw, 225px\" \/> <img loading=\"lazy\" decoding=\"async\" data-attachment-id=\"1056\" data-permalink=\"https:\/\/picot-irenee-potier-ceramiste.fr\/?attachment_id=1056\" data-orig-file=\"https:\/\/picot-irenee-potier-ceramiste.fr\/wp-content\/uploads\/2018\/09\/20190326_151244.jpg\" data-orig-size=\"3024,4032\" data-comments-opened=\"1\" data-image-meta=\"{&quot;aperture&quot;:&quot;1.7&quot;,&quot;credit&quot;:&quot;&quot;,&quot;camera&quot;:&quot;SM-G935F&quot;,&quot;caption&quot;:&quot;&quot;,&quot;created_timestamp&quot;:&quot;1553613164&quot;,&quot;copyright&quot;:&quot;&quot;,&quot;focal_length&quot;:&quot;4.2&quot;,&quot;iso&quot;:&quot;40&quot;,&quot;shutter_speed&quot;:&quot;0.0068027210884354&quot;,&quot;title&quot;:&quot;&quot;,&quot;orientation&quot;:&quot;1&quot;}\" data-image-title=\"20190326_151244\" data-image-description=\"\" data-image-caption=\"\" data-large-file=\"https:\/\/picot-irenee-potier-ceramiste.fr\/wp-content\/uploads\/2018\/09\/20190326_151244-768x1024.jpg\" class=\"alignnone size-medium wp-image-1056\" src=\"https:\/\/picot-irenee-potier-ceramiste.fr\/wp-content\/uploads\/2018\/09\/20190326_151244-225x300.jpg\" alt=\"\" width=\"225\" height=\"300\" srcset=\"https:\/\/picot-irenee-potier-ceramiste.fr\/wp-content\/uploads\/2018\/09\/20190326_151244-225x300.jpg 225w, https:\/\/picot-irenee-potier-ceramiste.fr\/wp-content\/uploads\/2018\/09\/20190326_151244-768x1024.jpg 768w\" sizes=\"auto, (max-width: 225px) 100vw, 225px\" \/><\/p>\n<div>\n<div>\n<div dir=\"ltr\">\n<p class=\"_6z3til\"><span class=\"_czm8crp\">Si la c\u00e9ramique vous int\u00e9resse, vous pourrez visiter l&rsquo;atelier de poterie.<br \/>\nNous vous r\u00e9servons le meilleur accueil, et esp\u00e9rons que votre s\u00e9jour sera inoubliable.<\/span><\/p>\n<\/div>\n<\/div>\n<\/div>\n<p class=\"_6z3til\"><span class=\"_fgdupie\">\u00a0<\/span><\/p>\n<\/div>\n<\/div>\n<p>Pour plus d&rsquo;informations, vous pouvez consulter la page d\u00e9di\u00e9 \u00e0 ce g\u00eete sur une page sp\u00e9cialis\u00e9e :<\/p>\n<p><a href=\"https:\/\/www.airbnb.fr\/rooms\/33306245?source_impression_id=p3_1577538254_IxN2GYeRaDSQBcw0\">https:\/\/www.airbnb.fr\/rooms\/18959067?location=Belpech&amp;s=9oZHq2Us<\/a><\/p>\n<\/div>\n<p>Merci \u00e0 toutes et \u00e0 tous<\/p>\n","protected":false},"excerpt":{"rendered":"<p class=\"excerpt\">Une vue panoramique sur la cha\u00eene des Pyr\u00e9n\u00e9es \u00e0 vous couper le souffle ! Un endroit de r\u00eave, parfait pour se ressourcer \u00e0 la campagne ! Lac, rivi\u00e8re pour la baignade, cano\u00e9 kayak, planche \u00e0 voile, ballades, centre \u00e9questre etc&#8230; A proximit\u00e9, de nombreux sites touristiques \u00e0 d\u00e9couvrir : Mirepoix, Carcassonne, le canal du midi, les ch\u00e2teaux Cathares, le parc&hellip; <a href=\"https:\/\/picot-irenee-potier-ceramiste.fr\/?page_id=941\">Read more &rarr;<\/a><\/p>\n","protected":false},"author":2,"featured_media":0,"parent":0,"menu_order":0,"comment_status":"closed","ping_status":"closed","template":"","meta":{"jetpack_post_was_ever_published":false,"footnotes":""},"class_list":["post-941","page","type-page","status-publish","hentry","xfolkentry"],"jetpack_sharing_enabled":true,"jetpack_shortlink":"https:\/\/wp.me\/P5KhQQ-fb","_links":{"self":[{"href":"https:\/\/picot-irenee-potier-ceramiste.fr\/index.php?rest_route=\/wp\/v2\/pages\/941","targetHints":{"allow":["GET"]}}],"collection":[{"href":"https:\/\/picot-irenee-potier-ceramiste.fr\/index.php?rest_route=\/wp\/v2\/pages"}],"about":[{"href":"https:\/\/picot-irenee-potier-ceramiste.fr\/index.php?rest_route=\/wp\/v2\/types\/page"}],"author":[{"embeddable":true,"href":"https:\/\/picot-irenee-potier-ceramiste.fr\/index.php?rest_route=\/wp\/v2\/users\/2"}],"replies":[{"embeddable":true,"href":"https:\/\/picot-irenee-potier-ceramiste.fr\/index.php?rest_route=%2Fwp%2Fv2%2Fcomments&post=941"}],"version-history":[{"count":5,"href":"https:\/\/picot-irenee-potier-ceramiste.fr\/index.php?rest_route=\/wp\/v2\/pages\/941\/revisions"}],"predecessor-version":[{"id":1066,"href":"https:\/\/picot-irenee-potier-ceramiste.fr\/index.php?rest_route=\/wp\/v2\/pages\/941\/revisions\/1066"}],"wp:attachment":[{"href":"https:\/\/picot-irenee-potier-ceramiste.fr\/index.php?rest_route=%2Fwp%2Fv2%2Fmedia&parent=941"}],"curies":[{"name":"wp","href":"https:\/\/api.w.org\/{rel}","templated":true}]}}