{"id":11,"date":"2015-02-12T16:31:10","date_gmt":"2015-02-12T16:31:10","guid":{"rendered":"http:\/\/picot-irenee-potier-ceramiste.fr\/?page_id=11"},"modified":"2016-03-25T18:20:45","modified_gmt":"2016-03-25T18:20:45","slug":"mon-parcours","status":"publish","type":"page","link":"https:\/\/picot-irenee-potier-ceramiste.fr\/?page_id=11","title":{"rendered":"Mon parcours"},"content":{"rendered":"<p>Je suis install\u00e9 en tant que potier c\u00e9ramiste depuis 1989.<\/p>\n<p>Je suis n\u00e9 \u00e0 Turet\u00f4t (76) en 1956.<\/p>\n<p>Je vis en Normandie, dans la r\u00e9gion d&rsquo;Yvet\u00f4t (76) pr\u00e8s de Rouen jusqu&rsquo;en 1981. Je passe un CAP de m\u00e9canique g\u00e9n\u00e9rale en 1974.<\/p>\n<p>Au fil de mes rencontres, je m&rsquo;int\u00e9resse \u00e0 la peinture et \u00e0 la sculpture. Je m&rsquo;inscris au cours du soir des beaux arts de Rouen. Je sculpte la pierre tendre et je dessine aux pastels. En 1978, j&rsquo;expose en Normandie, avec des artistes cauchois.<\/p>\n<p><a href=\"http:\/\/picot-irenee-potier-ceramiste.fr\/wp-content\/uploads\/2015\/02\/sculpture-013.jpg\"><img loading=\"lazy\" decoding=\"async\" data-attachment-id=\"321\" data-permalink=\"https:\/\/picot-irenee-potier-ceramiste.fr\/?attachment_id=321\" data-orig-file=\"https:\/\/picot-irenee-potier-ceramiste.fr\/wp-content\/uploads\/2015\/02\/sculpture-013.jpg\" data-orig-size=\"1032,1472\" data-comments-opened=\"1\" data-image-meta=\"{&quot;aperture&quot;:&quot;0&quot;,&quot;credit&quot;:&quot;&quot;,&quot;camera&quot;:&quot;Canon MX450 series&quot;,&quot;caption&quot;:&quot;&quot;,&quot;created_timestamp&quot;:&quot;&quot;,&quot;copyright&quot;:&quot;&quot;,&quot;focal_length&quot;:&quot;0&quot;,&quot;iso&quot;:&quot;0&quot;,&quot;shutter_speed&quot;:&quot;0&quot;,&quot;title&quot;:&quot;&quot;,&quot;orientation&quot;:&quot;1&quot;}\" data-image-title=\"sculpture 013\" data-image-description=\"\" data-image-caption=\"\" data-large-file=\"https:\/\/picot-irenee-potier-ceramiste.fr\/wp-content\/uploads\/2015\/02\/sculpture-013-718x1024.jpg\" class=\"alignnone size-medium wp-image-321\" src=\"http:\/\/picot-irenee-potier-ceramiste.fr\/wp-content\/uploads\/2015\/02\/sculpture-013-210x300.jpg\" alt=\"sculpture 013\" width=\"210\" height=\"300\" srcset=\"https:\/\/picot-irenee-potier-ceramiste.fr\/wp-content\/uploads\/2015\/02\/sculpture-013-210x300.jpg 210w, https:\/\/picot-irenee-potier-ceramiste.fr\/wp-content\/uploads\/2015\/02\/sculpture-013-718x1024.jpg 718w, https:\/\/picot-irenee-potier-ceramiste.fr\/wp-content\/uploads\/2015\/02\/sculpture-013.jpg 1032w\" sizes=\"auto, (max-width: 210px) 100vw, 210px\" \/><\/a> <a href=\"http:\/\/picot-irenee-potier-ceramiste.fr\/wp-content\/uploads\/2015\/02\/sculpture-012-copie.jpg\"><img loading=\"lazy\" decoding=\"async\" data-attachment-id=\"320\" data-permalink=\"https:\/\/picot-irenee-potier-ceramiste.fr\/?attachment_id=320\" data-orig-file=\"https:\/\/picot-irenee-potier-ceramiste.fr\/wp-content\/uploads\/2015\/02\/sculpture-012-copie.jpg\" data-orig-size=\"1460,960\" data-comments-opened=\"1\" data-image-meta=\"{&quot;aperture&quot;:&quot;0&quot;,&quot;credit&quot;:&quot;&quot;,&quot;camera&quot;:&quot;Canon MX450 series&quot;,&quot;caption&quot;:&quot;&quot;,&quot;created_timestamp&quot;:&quot;&quot;,&quot;copyright&quot;:&quot;&quot;,&quot;focal_length&quot;:&quot;0&quot;,&quot;iso&quot;:&quot;0&quot;,&quot;shutter_speed&quot;:&quot;0&quot;,&quot;title&quot;:&quot;&quot;,&quot;orientation&quot;:&quot;1&quot;}\" data-image-title=\"sculpture 012 copie\" data-image-description=\"\" data-image-caption=\"\" data-large-file=\"https:\/\/picot-irenee-potier-ceramiste.fr\/wp-content\/uploads\/2015\/02\/sculpture-012-copie-1024x673.jpg\" class=\"alignnone size-medium wp-image-320\" src=\"http:\/\/picot-irenee-potier-ceramiste.fr\/wp-content\/uploads\/2015\/02\/sculpture-012-copie-300x197.jpg\" alt=\"sculpture 012 copie\" width=\"300\" height=\"197\" srcset=\"https:\/\/picot-irenee-potier-ceramiste.fr\/wp-content\/uploads\/2015\/02\/sculpture-012-copie-300x197.jpg 300w, https:\/\/picot-irenee-potier-ceramiste.fr\/wp-content\/uploads\/2015\/02\/sculpture-012-copie-1024x673.jpg 1024w, https:\/\/picot-irenee-potier-ceramiste.fr\/wp-content\/uploads\/2015\/02\/sculpture-012-copie.jpg 1460w\" sizes=\"auto, (max-width: 300px) 100vw, 300px\" \/><\/a> <a href=\"http:\/\/picot-irenee-potier-ceramiste.fr\/wp-content\/uploads\/2015\/02\/sculpture-009.jpg\"><img loading=\"lazy\" decoding=\"async\" data-attachment-id=\"319\" data-permalink=\"https:\/\/picot-irenee-potier-ceramiste.fr\/?attachment_id=319\" data-orig-file=\"https:\/\/picot-irenee-potier-ceramiste.fr\/wp-content\/uploads\/2015\/02\/sculpture-009.jpg\" data-orig-size=\"1512,1028\" data-comments-opened=\"1\" data-image-meta=\"{&quot;aperture&quot;:&quot;0&quot;,&quot;credit&quot;:&quot;&quot;,&quot;camera&quot;:&quot;Canon MX450 series&quot;,&quot;caption&quot;:&quot;&quot;,&quot;created_timestamp&quot;:&quot;&quot;,&quot;copyright&quot;:&quot;&quot;,&quot;focal_length&quot;:&quot;0&quot;,&quot;iso&quot;:&quot;0&quot;,&quot;shutter_speed&quot;:&quot;0&quot;,&quot;title&quot;:&quot;&quot;,&quot;orientation&quot;:&quot;1&quot;}\" data-image-title=\"sculpture 009\" data-image-description=\"\" data-image-caption=\"\" data-large-file=\"https:\/\/picot-irenee-potier-ceramiste.fr\/wp-content\/uploads\/2015\/02\/sculpture-009-1024x696.jpg\" class=\"alignnone size-medium wp-image-319\" src=\"http:\/\/picot-irenee-potier-ceramiste.fr\/wp-content\/uploads\/2015\/02\/sculpture-009-300x204.jpg\" alt=\"sculpture 009\" width=\"300\" height=\"204\" srcset=\"https:\/\/picot-irenee-potier-ceramiste.fr\/wp-content\/uploads\/2015\/02\/sculpture-009-300x204.jpg 300w, https:\/\/picot-irenee-potier-ceramiste.fr\/wp-content\/uploads\/2015\/02\/sculpture-009-1024x696.jpg 1024w, https:\/\/picot-irenee-potier-ceramiste.fr\/wp-content\/uploads\/2015\/02\/sculpture-009.jpg 1512w\" sizes=\"auto, (max-width: 300px) 100vw, 300px\" \/><\/a> <a href=\"http:\/\/picot-irenee-potier-ceramiste.fr\/wp-content\/uploads\/2015\/02\/sculpture-008.jpg\"><img loading=\"lazy\" decoding=\"async\" data-attachment-id=\"318\" data-permalink=\"https:\/\/picot-irenee-potier-ceramiste.fr\/?attachment_id=318\" data-orig-file=\"https:\/\/picot-irenee-potier-ceramiste.fr\/wp-content\/uploads\/2015\/02\/sculpture-008.jpg\" data-orig-size=\"1472,1040\" data-comments-opened=\"1\" data-image-meta=\"{&quot;aperture&quot;:&quot;0&quot;,&quot;credit&quot;:&quot;&quot;,&quot;camera&quot;:&quot;Canon MX450 series&quot;,&quot;caption&quot;:&quot;&quot;,&quot;created_timestamp&quot;:&quot;&quot;,&quot;copyright&quot;:&quot;&quot;,&quot;focal_length&quot;:&quot;0&quot;,&quot;iso&quot;:&quot;0&quot;,&quot;shutter_speed&quot;:&quot;0&quot;,&quot;title&quot;:&quot;&quot;,&quot;orientation&quot;:&quot;1&quot;}\" data-image-title=\"sculpture 008\" data-image-description=\"\" data-image-caption=\"\" data-large-file=\"https:\/\/picot-irenee-potier-ceramiste.fr\/wp-content\/uploads\/2015\/02\/sculpture-008-1024x723.jpg\" class=\"alignnone size-medium wp-image-318\" src=\"http:\/\/picot-irenee-potier-ceramiste.fr\/wp-content\/uploads\/2015\/02\/sculpture-008-300x212.jpg\" alt=\"sculpture 008\" width=\"300\" height=\"212\" srcset=\"https:\/\/picot-irenee-potier-ceramiste.fr\/wp-content\/uploads\/2015\/02\/sculpture-008-300x212.jpg 300w, https:\/\/picot-irenee-potier-ceramiste.fr\/wp-content\/uploads\/2015\/02\/sculpture-008-1024x723.jpg 1024w, https:\/\/picot-irenee-potier-ceramiste.fr\/wp-content\/uploads\/2015\/02\/sculpture-008.jpg 1472w\" sizes=\"auto, (max-width: 300px) 100vw, 300px\" \/><\/a> <a href=\"http:\/\/picot-irenee-potier-ceramiste.fr\/wp-content\/uploads\/2015\/02\/sculpture-005.jpg\"><img loading=\"lazy\" decoding=\"async\" data-attachment-id=\"316\" data-permalink=\"https:\/\/picot-irenee-potier-ceramiste.fr\/?attachment_id=316\" data-orig-file=\"https:\/\/picot-irenee-potier-ceramiste.fr\/wp-content\/uploads\/2015\/02\/sculpture-005.jpg\" data-orig-size=\"392,604\" data-comments-opened=\"1\" data-image-meta=\"{&quot;aperture&quot;:&quot;0&quot;,&quot;credit&quot;:&quot;&quot;,&quot;camera&quot;:&quot;Canon MX450 series&quot;,&quot;caption&quot;:&quot;&quot;,&quot;created_timestamp&quot;:&quot;&quot;,&quot;copyright&quot;:&quot;&quot;,&quot;focal_length&quot;:&quot;0&quot;,&quot;iso&quot;:&quot;0&quot;,&quot;shutter_speed&quot;:&quot;0&quot;,&quot;title&quot;:&quot;&quot;,&quot;orientation&quot;:&quot;1&quot;}\" data-image-title=\"sculpture 005\" data-image-description=\"\" data-image-caption=\"\" data-large-file=\"https:\/\/picot-irenee-potier-ceramiste.fr\/wp-content\/uploads\/2015\/02\/sculpture-005.jpg\" class=\"alignnone size-medium wp-image-316\" src=\"http:\/\/picot-irenee-potier-ceramiste.fr\/wp-content\/uploads\/2015\/02\/sculpture-005-195x300.jpg\" alt=\"sculpture 005\" width=\"195\" height=\"300\" srcset=\"https:\/\/picot-irenee-potier-ceramiste.fr\/wp-content\/uploads\/2015\/02\/sculpture-005-195x300.jpg 195w, https:\/\/picot-irenee-potier-ceramiste.fr\/wp-content\/uploads\/2015\/02\/sculpture-005.jpg 392w\" sizes=\"auto, (max-width: 195px) 100vw, 195px\" \/><\/a> <a href=\"http:\/\/picot-irenee-potier-ceramiste.fr\/wp-content\/uploads\/2015\/02\/sculpture-004.jpg\"><img loading=\"lazy\" decoding=\"async\" data-attachment-id=\"315\" data-permalink=\"https:\/\/picot-irenee-potier-ceramiste.fr\/?attachment_id=315\" data-orig-file=\"https:\/\/picot-irenee-potier-ceramiste.fr\/wp-content\/uploads\/2015\/02\/sculpture-004.jpg\" data-orig-size=\"1036,1476\" data-comments-opened=\"1\" data-image-meta=\"{&quot;aperture&quot;:&quot;0&quot;,&quot;credit&quot;:&quot;&quot;,&quot;camera&quot;:&quot;Canon MX450 series&quot;,&quot;caption&quot;:&quot;&quot;,&quot;created_timestamp&quot;:&quot;&quot;,&quot;copyright&quot;:&quot;&quot;,&quot;focal_length&quot;:&quot;0&quot;,&quot;iso&quot;:&quot;0&quot;,&quot;shutter_speed&quot;:&quot;0&quot;,&quot;title&quot;:&quot;&quot;,&quot;orientation&quot;:&quot;1&quot;}\" data-image-title=\"sculpture 004\" data-image-description=\"\" data-image-caption=\"\" data-large-file=\"https:\/\/picot-irenee-potier-ceramiste.fr\/wp-content\/uploads\/2015\/02\/sculpture-004-719x1024.jpg\" class=\"alignnone size-medium wp-image-315\" src=\"http:\/\/picot-irenee-potier-ceramiste.fr\/wp-content\/uploads\/2015\/02\/sculpture-004-211x300.jpg\" alt=\"sculpture 004\" width=\"211\" height=\"300\" srcset=\"https:\/\/picot-irenee-potier-ceramiste.fr\/wp-content\/uploads\/2015\/02\/sculpture-004-211x300.jpg 211w, https:\/\/picot-irenee-potier-ceramiste.fr\/wp-content\/uploads\/2015\/02\/sculpture-004-719x1024.jpg 719w, https:\/\/picot-irenee-potier-ceramiste.fr\/wp-content\/uploads\/2015\/02\/sculpture-004.jpg 1036w\" sizes=\"auto, (max-width: 211px) 100vw, 211px\" \/><\/a> <a href=\"http:\/\/picot-irenee-potier-ceramiste.fr\/wp-content\/uploads\/2015\/02\/sculpture-003.jpg\"><img loading=\"lazy\" decoding=\"async\" data-attachment-id=\"314\" data-permalink=\"https:\/\/picot-irenee-potier-ceramiste.fr\/?attachment_id=314\" data-orig-file=\"https:\/\/picot-irenee-potier-ceramiste.fr\/wp-content\/uploads\/2015\/02\/sculpture-003.jpg\" data-orig-size=\"1032,1476\" data-comments-opened=\"1\" data-image-meta=\"{&quot;aperture&quot;:&quot;0&quot;,&quot;credit&quot;:&quot;&quot;,&quot;camera&quot;:&quot;Canon MX450 series&quot;,&quot;caption&quot;:&quot;&quot;,&quot;created_timestamp&quot;:&quot;&quot;,&quot;copyright&quot;:&quot;&quot;,&quot;focal_length&quot;:&quot;0&quot;,&quot;iso&quot;:&quot;0&quot;,&quot;shutter_speed&quot;:&quot;0&quot;,&quot;title&quot;:&quot;&quot;,&quot;orientation&quot;:&quot;1&quot;}\" data-image-title=\"sculpture 003\" data-image-description=\"\" data-image-caption=\"\" data-large-file=\"https:\/\/picot-irenee-potier-ceramiste.fr\/wp-content\/uploads\/2015\/02\/sculpture-003-716x1024.jpg\" class=\"alignnone size-medium wp-image-314\" src=\"http:\/\/picot-irenee-potier-ceramiste.fr\/wp-content\/uploads\/2015\/02\/sculpture-003-210x300.jpg\" alt=\"sculpture 003\" width=\"210\" height=\"300\" srcset=\"https:\/\/picot-irenee-potier-ceramiste.fr\/wp-content\/uploads\/2015\/02\/sculpture-003-210x300.jpg 210w, https:\/\/picot-irenee-potier-ceramiste.fr\/wp-content\/uploads\/2015\/02\/sculpture-003-716x1024.jpg 716w, https:\/\/picot-irenee-potier-ceramiste.fr\/wp-content\/uploads\/2015\/02\/sculpture-003.jpg 1032w\" sizes=\"auto, (max-width: 210px) 100vw, 210px\" \/><\/a> <a href=\"http:\/\/picot-irenee-potier-ceramiste.fr\/wp-content\/uploads\/2015\/02\/sculpture-002.jpg\"><img loading=\"lazy\" decoding=\"async\" data-attachment-id=\"313\" data-permalink=\"https:\/\/picot-irenee-potier-ceramiste.fr\/?attachment_id=313\" data-orig-file=\"https:\/\/picot-irenee-potier-ceramiste.fr\/wp-content\/uploads\/2015\/02\/sculpture-002.jpg\" data-orig-size=\"1036,1528\" data-comments-opened=\"1\" data-image-meta=\"{&quot;aperture&quot;:&quot;0&quot;,&quot;credit&quot;:&quot;&quot;,&quot;camera&quot;:&quot;Canon MX450 series&quot;,&quot;caption&quot;:&quot;&quot;,&quot;created_timestamp&quot;:&quot;&quot;,&quot;copyright&quot;:&quot;&quot;,&quot;focal_length&quot;:&quot;0&quot;,&quot;iso&quot;:&quot;0&quot;,&quot;shutter_speed&quot;:&quot;0&quot;,&quot;title&quot;:&quot;&quot;,&quot;orientation&quot;:&quot;1&quot;}\" data-image-title=\"sculpture 002\" data-image-description=\"\" data-image-caption=\"\" data-large-file=\"https:\/\/picot-irenee-potier-ceramiste.fr\/wp-content\/uploads\/2015\/02\/sculpture-002-694x1024.jpg\" class=\"alignnone size-medium wp-image-313\" src=\"http:\/\/picot-irenee-potier-ceramiste.fr\/wp-content\/uploads\/2015\/02\/sculpture-002-203x300.jpg\" alt=\"sculpture 002\" width=\"203\" height=\"300\" srcset=\"https:\/\/picot-irenee-potier-ceramiste.fr\/wp-content\/uploads\/2015\/02\/sculpture-002-203x300.jpg 203w, https:\/\/picot-irenee-potier-ceramiste.fr\/wp-content\/uploads\/2015\/02\/sculpture-002-694x1024.jpg 694w, https:\/\/picot-irenee-potier-ceramiste.fr\/wp-content\/uploads\/2015\/02\/sculpture-002.jpg 1036w\" sizes=\"auto, (max-width: 203px) 100vw, 203px\" \/><\/a> <a href=\"http:\/\/picot-irenee-potier-ceramiste.fr\/wp-content\/uploads\/2015\/02\/sculpture-001.jpg\"><img loading=\"lazy\" decoding=\"async\" data-attachment-id=\"312\" data-permalink=\"https:\/\/picot-irenee-potier-ceramiste.fr\/?attachment_id=312\" data-orig-file=\"https:\/\/picot-irenee-potier-ceramiste.fr\/wp-content\/uploads\/2015\/02\/sculpture-001.jpg\" data-orig-size=\"1044,1476\" data-comments-opened=\"1\" data-image-meta=\"{&quot;aperture&quot;:&quot;0&quot;,&quot;credit&quot;:&quot;&quot;,&quot;camera&quot;:&quot;Canon MX450 series&quot;,&quot;caption&quot;:&quot;&quot;,&quot;created_timestamp&quot;:&quot;&quot;,&quot;copyright&quot;:&quot;&quot;,&quot;focal_length&quot;:&quot;0&quot;,&quot;iso&quot;:&quot;0&quot;,&quot;shutter_speed&quot;:&quot;0&quot;,&quot;title&quot;:&quot;&quot;,&quot;orientation&quot;:&quot;1&quot;}\" data-image-title=\"sculpture 001\" data-image-description=\"\" data-image-caption=\"\" data-large-file=\"https:\/\/picot-irenee-potier-ceramiste.fr\/wp-content\/uploads\/2015\/02\/sculpture-001-724x1024.jpg\" class=\"alignnone size-medium wp-image-312\" src=\"http:\/\/picot-irenee-potier-ceramiste.fr\/wp-content\/uploads\/2015\/02\/sculpture-001-212x300.jpg\" alt=\"sculpture 001\" width=\"212\" height=\"300\" srcset=\"https:\/\/picot-irenee-potier-ceramiste.fr\/wp-content\/uploads\/2015\/02\/sculpture-001-212x300.jpg 212w, https:\/\/picot-irenee-potier-ceramiste.fr\/wp-content\/uploads\/2015\/02\/sculpture-001-724x1024.jpg 724w, https:\/\/picot-irenee-potier-ceramiste.fr\/wp-content\/uploads\/2015\/02\/sculpture-001.jpg 1044w\" sizes=\"auto, (max-width: 212px) 100vw, 212px\" \/><\/a> <a href=\"http:\/\/picot-irenee-potier-ceramiste.fr\/wp-content\/uploads\/2015\/02\/DSCN00541.jpg\"><img loading=\"lazy\" decoding=\"async\" data-attachment-id=\"304\" data-permalink=\"https:\/\/picot-irenee-potier-ceramiste.fr\/?attachment_id=304\" data-orig-file=\"https:\/\/picot-irenee-potier-ceramiste.fr\/wp-content\/uploads\/2015\/02\/DSCN00541.jpg\" data-orig-size=\"1476,1032\" data-comments-opened=\"1\" data-image-meta=\"{&quot;aperture&quot;:&quot;0&quot;,&quot;credit&quot;:&quot;&quot;,&quot;camera&quot;:&quot;Canon MX450 series&quot;,&quot;caption&quot;:&quot;&quot;,&quot;created_timestamp&quot;:&quot;&quot;,&quot;copyright&quot;:&quot;&quot;,&quot;focal_length&quot;:&quot;0&quot;,&quot;iso&quot;:&quot;0&quot;,&quot;shutter_speed&quot;:&quot;0&quot;,&quot;title&quot;:&quot;&quot;,&quot;orientation&quot;:&quot;1&quot;}\" data-image-title=\"DSCN0054\" data-image-description=\"\" data-image-caption=\"\" data-large-file=\"https:\/\/picot-irenee-potier-ceramiste.fr\/wp-content\/uploads\/2015\/02\/DSCN00541-1024x716.jpg\" class=\"alignnone size-medium wp-image-304\" src=\"http:\/\/picot-irenee-potier-ceramiste.fr\/wp-content\/uploads\/2015\/02\/DSCN00541-300x210.jpg\" alt=\"DSCN0054\" width=\"300\" height=\"210\" srcset=\"https:\/\/picot-irenee-potier-ceramiste.fr\/wp-content\/uploads\/2015\/02\/DSCN00541-300x210.jpg 300w, https:\/\/picot-irenee-potier-ceramiste.fr\/wp-content\/uploads\/2015\/02\/DSCN00541-1024x716.jpg 1024w, https:\/\/picot-irenee-potier-ceramiste.fr\/wp-content\/uploads\/2015\/02\/DSCN00541.jpg 1476w\" sizes=\"auto, (max-width: 300px) 100vw, 300px\" \/><\/a><\/p>\n<p>En 1981, je d\u00e9cide de partir vivre dans le Sud. L\u00e0, je travaille dans l&rsquo;agriculture et l&rsquo;\u00e9levage mais en parall\u00e8le, je d\u00e9marre un atelier de c\u00e9ramique o\u00f9 j&rsquo;exp\u00e9rimente diff\u00e9rentes techniques (sculpture, moulage, coulage, travail \u00e0 la plaque.)<\/p>\n<p>Je rencontre Michel Argans qui m&rsquo;enseignera la technique du moulage, coulage dans son atelier \u00e0 Revel (31).<\/p>\n<p>Gilbert Serres, potier tourneur de renom, install\u00e9 \u00e0 Belv\u00e8zes du Raz\u00e8s \u00e0 l&rsquo;\u00e9poque m&rsquo;apprendra \u00e0 construire mon premier four.<\/p>\n<p>En 1985, je construis mon premier atelier de poterie, en paille chez Gabriel Cros, \u00e0 Belpech.<\/p>\n<p>C&rsquo;est en 1989, que je m&rsquo;installe officiellement, en tant que professionnel.<\/p>\n<figure id=\"attachment_311\" aria-describedby=\"caption-attachment-311\" style=\"width: 300px\" class=\"wp-caption alignnone\"><a href=\"http:\/\/picot-irenee-potier-ceramiste.fr\/wp-content\/uploads\/2015\/02\/premier-atelier-1986.jpg\"><img loading=\"lazy\" decoding=\"async\" data-attachment-id=\"311\" data-permalink=\"https:\/\/picot-irenee-potier-ceramiste.fr\/?attachment_id=311\" data-orig-file=\"https:\/\/picot-irenee-potier-ceramiste.fr\/wp-content\/uploads\/2015\/02\/premier-atelier-1986.jpg\" data-orig-size=\"1768,1164\" data-comments-opened=\"1\" data-image-meta=\"{&quot;aperture&quot;:&quot;0&quot;,&quot;credit&quot;:&quot;&quot;,&quot;camera&quot;:&quot;Canon MX450 series&quot;,&quot;caption&quot;:&quot;&quot;,&quot;created_timestamp&quot;:&quot;&quot;,&quot;copyright&quot;:&quot;&quot;,&quot;focal_length&quot;:&quot;0&quot;,&quot;iso&quot;:&quot;0&quot;,&quot;shutter_speed&quot;:&quot;0&quot;,&quot;title&quot;:&quot;&quot;,&quot;orientation&quot;:&quot;1&quot;}\" data-image-title=\"premier atelier 1986\" data-image-description=\"\" data-image-caption=\"\" data-large-file=\"https:\/\/picot-irenee-potier-ceramiste.fr\/wp-content\/uploads\/2015\/02\/premier-atelier-1986-1024x674.jpg\" class=\"wp-image-311 size-medium\" src=\"http:\/\/picot-irenee-potier-ceramiste.fr\/wp-content\/uploads\/2015\/02\/premier-atelier-1986-300x198.jpg\" alt=\"atelier en paille \" width=\"300\" height=\"198\" srcset=\"https:\/\/picot-irenee-potier-ceramiste.fr\/wp-content\/uploads\/2015\/02\/premier-atelier-1986-300x198.jpg 300w, https:\/\/picot-irenee-potier-ceramiste.fr\/wp-content\/uploads\/2015\/02\/premier-atelier-1986-1024x674.jpg 1024w, https:\/\/picot-irenee-potier-ceramiste.fr\/wp-content\/uploads\/2015\/02\/premier-atelier-1986.jpg 1768w\" sizes=\"auto, (max-width: 300px) 100vw, 300px\" \/><\/a><figcaption id=\"caption-attachment-311\" class=\"wp-caption-text\">atelier en paille<\/figcaption><\/figure>\n<p><a href=\"http:\/\/picot-irenee-potier-ceramiste.fr\/wp-content\/uploads\/2015\/02\/sculpture-007.jpg\"><img loading=\"lazy\" decoding=\"async\" data-attachment-id=\"317\" data-permalink=\"https:\/\/picot-irenee-potier-ceramiste.fr\/?attachment_id=317\" data-orig-file=\"https:\/\/picot-irenee-potier-ceramiste.fr\/wp-content\/uploads\/2015\/02\/sculpture-007.jpg\" data-orig-size=\"1096,1624\" data-comments-opened=\"1\" data-image-meta=\"{&quot;aperture&quot;:&quot;0&quot;,&quot;credit&quot;:&quot;&quot;,&quot;camera&quot;:&quot;Canon MX450 series&quot;,&quot;caption&quot;:&quot;&quot;,&quot;created_timestamp&quot;:&quot;&quot;,&quot;copyright&quot;:&quot;&quot;,&quot;focal_length&quot;:&quot;0&quot;,&quot;iso&quot;:&quot;0&quot;,&quot;shutter_speed&quot;:&quot;0&quot;,&quot;title&quot;:&quot;&quot;,&quot;orientation&quot;:&quot;1&quot;}\" data-image-title=\"sculpture 007\" data-image-description=\"\" data-image-caption=\"\" data-large-file=\"https:\/\/picot-irenee-potier-ceramiste.fr\/wp-content\/uploads\/2015\/02\/sculpture-007-691x1024.jpg\" class=\"alignnone size-medium wp-image-317\" src=\"http:\/\/picot-irenee-potier-ceramiste.fr\/wp-content\/uploads\/2015\/02\/sculpture-007-202x300.jpg\" alt=\"sculpture 007\" width=\"202\" height=\"300\" srcset=\"https:\/\/picot-irenee-potier-ceramiste.fr\/wp-content\/uploads\/2015\/02\/sculpture-007-202x300.jpg 202w, https:\/\/picot-irenee-potier-ceramiste.fr\/wp-content\/uploads\/2015\/02\/sculpture-007-691x1024.jpg 691w, https:\/\/picot-irenee-potier-ceramiste.fr\/wp-content\/uploads\/2015\/02\/sculpture-007.jpg 1096w\" sizes=\"auto, (max-width: 202px) 100vw, 202px\" \/><\/a> <a href=\"http:\/\/picot-irenee-potier-ceramiste.fr\/wp-content\/uploads\/2015\/05\/cha-026.jpg\"><img loading=\"lazy\" decoding=\"async\" data-attachment-id=\"296\" data-permalink=\"https:\/\/picot-irenee-potier-ceramiste.fr\/?attachment_id=296\" data-orig-file=\"https:\/\/picot-irenee-potier-ceramiste.fr\/wp-content\/uploads\/2015\/05\/cha-026.jpg\" data-orig-size=\"3072,1728\" data-comments-opened=\"1\" data-image-meta=\"{&quot;aperture&quot;:&quot;3.1&quot;,&quot;credit&quot;:&quot;&quot;,&quot;camera&quot;:&quot;FinePix S2995&quot;,&quot;caption&quot;:&quot;&quot;,&quot;created_timestamp&quot;:&quot;1419687597&quot;,&quot;copyright&quot;:&quot;&quot;,&quot;focal_length&quot;:&quot;5&quot;,&quot;iso&quot;:&quot;800&quot;,&quot;shutter_speed&quot;:&quot;0.125&quot;,&quot;title&quot;:&quot;&quot;,&quot;orientation&quot;:&quot;1&quot;}\" data-image-title=\"cha 026\" data-image-description=\"\" data-image-caption=\"\" data-large-file=\"https:\/\/picot-irenee-potier-ceramiste.fr\/wp-content\/uploads\/2015\/05\/cha-026-1024x576.jpg\" class=\"alignnone size-medium wp-image-296\" src=\"http:\/\/picot-irenee-potier-ceramiste.fr\/wp-content\/uploads\/2015\/05\/cha-026-300x169.jpg\" alt=\"cha 026\" width=\"300\" height=\"169\" srcset=\"https:\/\/picot-irenee-potier-ceramiste.fr\/wp-content\/uploads\/2015\/05\/cha-026-300x169.jpg 300w, https:\/\/picot-irenee-potier-ceramiste.fr\/wp-content\/uploads\/2015\/05\/cha-026-1024x576.jpg 1024w\" sizes=\"auto, (max-width: 300px) 100vw, 300px\" \/><\/a> <a href=\"http:\/\/picot-irenee-potier-ceramiste.fr\/wp-content\/uploads\/2015\/05\/cha-019.jpg\"><img loading=\"lazy\" decoding=\"async\" data-attachment-id=\"290\" data-permalink=\"https:\/\/picot-irenee-potier-ceramiste.fr\/?attachment_id=290\" data-orig-file=\"https:\/\/picot-irenee-potier-ceramiste.fr\/wp-content\/uploads\/2015\/05\/cha-019.jpg\" data-orig-size=\"1728,3072\" data-comments-opened=\"1\" data-image-meta=\"{&quot;aperture&quot;:&quot;3.1&quot;,&quot;credit&quot;:&quot;&quot;,&quot;camera&quot;:&quot;FinePix S2995&quot;,&quot;caption&quot;:&quot;&quot;,&quot;created_timestamp&quot;:&quot;1419685532&quot;,&quot;copyright&quot;:&quot;&quot;,&quot;focal_length&quot;:&quot;5&quot;,&quot;iso&quot;:&quot;800&quot;,&quot;shutter_speed&quot;:&quot;0.023809523809524&quot;,&quot;title&quot;:&quot;&quot;,&quot;orientation&quot;:&quot;1&quot;}\" data-image-title=\"cha 019\" data-image-description=\"\" data-image-caption=\"\" data-large-file=\"https:\/\/picot-irenee-potier-ceramiste.fr\/wp-content\/uploads\/2015\/05\/cha-019-576x1024.jpg\" class=\"alignnone size-medium wp-image-290\" src=\"http:\/\/picot-irenee-potier-ceramiste.fr\/wp-content\/uploads\/2015\/05\/cha-019-169x300.jpg\" alt=\"cha 019\" width=\"169\" height=\"300\" srcset=\"https:\/\/picot-irenee-potier-ceramiste.fr\/wp-content\/uploads\/2015\/05\/cha-019-169x300.jpg 169w, https:\/\/picot-irenee-potier-ceramiste.fr\/wp-content\/uploads\/2015\/05\/cha-019-576x1024.jpg 576w, https:\/\/picot-irenee-potier-ceramiste.fr\/wp-content\/uploads\/2015\/05\/cha-019.jpg 1728w\" sizes=\"auto, (max-width: 169px) 100vw, 169px\" \/><\/a> <a href=\"http:\/\/picot-irenee-potier-ceramiste.fr\/wp-content\/uploads\/2015\/05\/cha-002.jpg\"><img loading=\"lazy\" decoding=\"async\" data-attachment-id=\"286\" data-permalink=\"https:\/\/picot-irenee-potier-ceramiste.fr\/?attachment_id=286\" data-orig-file=\"https:\/\/picot-irenee-potier-ceramiste.fr\/wp-content\/uploads\/2015\/05\/cha-002.jpg\" data-orig-size=\"1728,3072\" data-comments-opened=\"1\" data-image-meta=\"{&quot;aperture&quot;:&quot;3.1&quot;,&quot;credit&quot;:&quot;&quot;,&quot;camera&quot;:&quot;FinePix S2995&quot;,&quot;caption&quot;:&quot;&quot;,&quot;created_timestamp&quot;:&quot;1419681934&quot;,&quot;copyright&quot;:&quot;&quot;,&quot;focal_length&quot;:&quot;5&quot;,&quot;iso&quot;:&quot;200&quot;,&quot;shutter_speed&quot;:&quot;0.011111111111111&quot;,&quot;title&quot;:&quot;&quot;,&quot;orientation&quot;:&quot;1&quot;}\" data-image-title=\"cha 002\" data-image-description=\"\" data-image-caption=\"\" data-large-file=\"https:\/\/picot-irenee-potier-ceramiste.fr\/wp-content\/uploads\/2015\/05\/cha-002-576x1024.jpg\" class=\"alignnone size-medium wp-image-286\" src=\"http:\/\/picot-irenee-potier-ceramiste.fr\/wp-content\/uploads\/2015\/05\/cha-002-169x300.jpg\" alt=\"cha 002\" width=\"169\" height=\"300\" srcset=\"https:\/\/picot-irenee-potier-ceramiste.fr\/wp-content\/uploads\/2015\/05\/cha-002-169x300.jpg 169w, https:\/\/picot-irenee-potier-ceramiste.fr\/wp-content\/uploads\/2015\/05\/cha-002-576x1024.jpg 576w, https:\/\/picot-irenee-potier-ceramiste.fr\/wp-content\/uploads\/2015\/05\/cha-002.jpg 1728w\" sizes=\"auto, (max-width: 169px) 100vw, 169px\" \/><\/a> <a href=\"http:\/\/picot-irenee-potier-ceramiste.fr\/wp-content\/uploads\/2015\/05\/cha-003.jpg\"><img loading=\"lazy\" decoding=\"async\" data-attachment-id=\"287\" data-permalink=\"https:\/\/picot-irenee-potier-ceramiste.fr\/?attachment_id=287\" data-orig-file=\"https:\/\/picot-irenee-potier-ceramiste.fr\/wp-content\/uploads\/2015\/05\/cha-003.jpg\" data-orig-size=\"1728,3072\" data-comments-opened=\"1\" data-image-meta=\"{&quot;aperture&quot;:&quot;3.1&quot;,&quot;credit&quot;:&quot;&quot;,&quot;camera&quot;:&quot;FinePix S2995&quot;,&quot;caption&quot;:&quot;&quot;,&quot;created_timestamp&quot;:&quot;1419681950&quot;,&quot;copyright&quot;:&quot;&quot;,&quot;focal_length&quot;:&quot;5&quot;,&quot;iso&quot;:&quot;400&quot;,&quot;shutter_speed&quot;:&quot;0.0125&quot;,&quot;title&quot;:&quot;&quot;,&quot;orientation&quot;:&quot;1&quot;}\" data-image-title=\"cha 003\" data-image-description=\"\" data-image-caption=\"\" data-large-file=\"https:\/\/picot-irenee-potier-ceramiste.fr\/wp-content\/uploads\/2015\/05\/cha-003-576x1024.jpg\" class=\"alignnone size-medium wp-image-287\" src=\"http:\/\/picot-irenee-potier-ceramiste.fr\/wp-content\/uploads\/2015\/05\/cha-003-169x300.jpg\" alt=\"cha 003\" width=\"169\" height=\"300\" srcset=\"https:\/\/picot-irenee-potier-ceramiste.fr\/wp-content\/uploads\/2015\/05\/cha-003-169x300.jpg 169w, https:\/\/picot-irenee-potier-ceramiste.fr\/wp-content\/uploads\/2015\/05\/cha-003-576x1024.jpg 576w, https:\/\/picot-irenee-potier-ceramiste.fr\/wp-content\/uploads\/2015\/05\/cha-003.jpg 1728w\" sizes=\"auto, (max-width: 169px) 100vw, 169px\" \/><\/a> <a href=\"http:\/\/picot-irenee-potier-ceramiste.fr\/wp-content\/uploads\/2015\/05\/cha-022.jpg\"><img loading=\"lazy\" decoding=\"async\" data-attachment-id=\"293\" data-permalink=\"https:\/\/picot-irenee-potier-ceramiste.fr\/?attachment_id=293\" data-orig-file=\"https:\/\/picot-irenee-potier-ceramiste.fr\/wp-content\/uploads\/2015\/05\/cha-022.jpg\" data-orig-size=\"1728,3072\" data-comments-opened=\"1\" data-image-meta=\"{&quot;aperture&quot;:&quot;3.1&quot;,&quot;credit&quot;:&quot;&quot;,&quot;camera&quot;:&quot;FinePix S2995&quot;,&quot;caption&quot;:&quot;&quot;,&quot;created_timestamp&quot;:&quot;1419686553&quot;,&quot;copyright&quot;:&quot;&quot;,&quot;focal_length&quot;:&quot;5&quot;,&quot;iso&quot;:&quot;800&quot;,&quot;shutter_speed&quot;:&quot;0.16666666666667&quot;,&quot;title&quot;:&quot;&quot;,&quot;orientation&quot;:&quot;1&quot;}\" data-image-title=\"cha 022\" data-image-description=\"\" data-image-caption=\"\" data-large-file=\"https:\/\/picot-irenee-potier-ceramiste.fr\/wp-content\/uploads\/2015\/05\/cha-022-576x1024.jpg\" class=\"alignnone size-medium wp-image-293\" src=\"http:\/\/picot-irenee-potier-ceramiste.fr\/wp-content\/uploads\/2015\/05\/cha-022-169x300.jpg\" alt=\"cha 022\" width=\"169\" height=\"300\" srcset=\"https:\/\/picot-irenee-potier-ceramiste.fr\/wp-content\/uploads\/2015\/05\/cha-022-169x300.jpg 169w, https:\/\/picot-irenee-potier-ceramiste.fr\/wp-content\/uploads\/2015\/05\/cha-022-576x1024.jpg 576w, https:\/\/picot-irenee-potier-ceramiste.fr\/wp-content\/uploads\/2015\/05\/cha-022.jpg 1728w\" sizes=\"auto, (max-width: 169px) 100vw, 169px\" \/><\/a> <a href=\"http:\/\/picot-irenee-potier-ceramiste.fr\/wp-content\/uploads\/2015\/05\/cha-079.jpg\"><img loading=\"lazy\" decoding=\"async\" data-attachment-id=\"298\" data-permalink=\"https:\/\/picot-irenee-potier-ceramiste.fr\/?attachment_id=298\" data-orig-file=\"https:\/\/picot-irenee-potier-ceramiste.fr\/wp-content\/uploads\/2015\/05\/cha-079.jpg\" data-orig-size=\"1728,3072\" data-comments-opened=\"1\" data-image-meta=\"{&quot;aperture&quot;:&quot;3.1&quot;,&quot;credit&quot;:&quot;&quot;,&quot;camera&quot;:&quot;FinePix S2995&quot;,&quot;caption&quot;:&quot;&quot;,&quot;created_timestamp&quot;:&quot;1420649030&quot;,&quot;copyright&quot;:&quot;&quot;,&quot;focal_length&quot;:&quot;5&quot;,&quot;iso&quot;:&quot;64&quot;,&quot;shutter_speed&quot;:&quot;0.0090909090909091&quot;,&quot;title&quot;:&quot;&quot;,&quot;orientation&quot;:&quot;1&quot;}\" data-image-title=\"cha 079\" data-image-description=\"\" data-image-caption=\"\" data-large-file=\"https:\/\/picot-irenee-potier-ceramiste.fr\/wp-content\/uploads\/2015\/05\/cha-079-576x1024.jpg\" class=\"alignnone size-medium wp-image-298\" src=\"http:\/\/picot-irenee-potier-ceramiste.fr\/wp-content\/uploads\/2015\/05\/cha-079-169x300.jpg\" alt=\"cha 079\" width=\"169\" height=\"300\" srcset=\"https:\/\/picot-irenee-potier-ceramiste.fr\/wp-content\/uploads\/2015\/05\/cha-079-169x300.jpg 169w, https:\/\/picot-irenee-potier-ceramiste.fr\/wp-content\/uploads\/2015\/05\/cha-079-576x1024.jpg 576w, https:\/\/picot-irenee-potier-ceramiste.fr\/wp-content\/uploads\/2015\/05\/cha-079.jpg 1728w\" sizes=\"auto, (max-width: 169px) 100vw, 169px\" \/><\/a><\/p>\n<p>En 1989, je rencontre \u00a0\u00bb le village m\u00e9di\u00e9val de la Hume \u00a0\u00bb \u00e0 Gujan Mestras pr\u00e8s d&rsquo; Arcachon. Je m&rsquo;y installe pour 3 saisons, en tant que potier. Je tourne et travaille devant le public, tout en exposant et vendant mes pi\u00e8ces. Ma femme Dominique travaille \u00e0 mes cot\u00e9s, tout en \u00e9levant nos enfants julien n\u00e9 en 1988 et Mathilde n\u00e9e en 1993.<\/p>\n<p>A cette \u00e9poque, je cr\u00e9e un personnage inspir\u00e9 de la bande dessin\u00e9e. Ce personnage deviendra ma signature et m&rsquo;accompagnera pendant 20 ans. J&rsquo;expose dans les boutiques sur la c\u00f4te atlantique puis sur la c\u00f4te m\u00e9diterran\u00e9e.<\/p>\n<p><a href=\"http:\/\/picot-irenee-potier-ceramiste.fr\/wp-content\/uploads\/2015\/02\/IMG_20150105_0021.jpg\"><img loading=\"lazy\" decoding=\"async\" data-attachment-id=\"308\" data-permalink=\"https:\/\/picot-irenee-potier-ceramiste.fr\/?attachment_id=308\" data-orig-file=\"https:\/\/picot-irenee-potier-ceramiste.fr\/wp-content\/uploads\/2015\/02\/IMG_20150105_0021.jpg\" data-orig-size=\"1180,1740\" data-comments-opened=\"1\" data-image-meta=\"{&quot;aperture&quot;:&quot;0&quot;,&quot;credit&quot;:&quot;&quot;,&quot;camera&quot;:&quot;Canon MX450 series&quot;,&quot;caption&quot;:&quot;&quot;,&quot;created_timestamp&quot;:&quot;&quot;,&quot;copyright&quot;:&quot;&quot;,&quot;focal_length&quot;:&quot;0&quot;,&quot;iso&quot;:&quot;0&quot;,&quot;shutter_speed&quot;:&quot;0&quot;,&quot;title&quot;:&quot;&quot;,&quot;orientation&quot;:&quot;1&quot;}\" data-image-title=\"IMG_20150105_0021\" data-image-description=\"\" data-image-caption=\"\" data-large-file=\"https:\/\/picot-irenee-potier-ceramiste.fr\/wp-content\/uploads\/2015\/02\/IMG_20150105_0021-694x1024.jpg\" class=\"alignnone size-medium wp-image-308\" src=\"http:\/\/picot-irenee-potier-ceramiste.fr\/wp-content\/uploads\/2015\/02\/IMG_20150105_0021-203x300.jpg\" alt=\"IMG_20150105_0021\" width=\"203\" height=\"300\" srcset=\"https:\/\/picot-irenee-potier-ceramiste.fr\/wp-content\/uploads\/2015\/02\/IMG_20150105_0021-203x300.jpg 203w, https:\/\/picot-irenee-potier-ceramiste.fr\/wp-content\/uploads\/2015\/02\/IMG_20150105_0021-694x1024.jpg 694w, https:\/\/picot-irenee-potier-ceramiste.fr\/wp-content\/uploads\/2015\/02\/IMG_20150105_0021.jpg 1180w\" sizes=\"auto, (max-width: 203px) 100vw, 203px\" \/><\/a><a href=\"http:\/\/picot-irenee-potier-ceramiste.fr\/wp-content\/uploads\/2015\/05\/cha-017.jpg\"> <img loading=\"lazy\" decoding=\"async\" data-attachment-id=\"288\" data-permalink=\"https:\/\/picot-irenee-potier-ceramiste.fr\/?attachment_id=288\" data-orig-file=\"https:\/\/picot-irenee-potier-ceramiste.fr\/wp-content\/uploads\/2015\/05\/cha-017.jpg\" data-orig-size=\"1656,2352\" data-comments-opened=\"1\" data-image-meta=\"{&quot;aperture&quot;:&quot;3.1&quot;,&quot;credit&quot;:&quot;&quot;,&quot;camera&quot;:&quot;FinePix S2995&quot;,&quot;caption&quot;:&quot;&quot;,&quot;created_timestamp&quot;:&quot;1419684753&quot;,&quot;copyright&quot;:&quot;&quot;,&quot;focal_length&quot;:&quot;5&quot;,&quot;iso&quot;:&quot;800&quot;,&quot;shutter_speed&quot;:&quot;0.05&quot;,&quot;title&quot;:&quot;&quot;,&quot;orientation&quot;:&quot;1&quot;}\" data-image-title=\"cha 017\" data-image-description=\"\" data-image-caption=\"\" data-large-file=\"https:\/\/picot-irenee-potier-ceramiste.fr\/wp-content\/uploads\/2015\/05\/cha-017-721x1024.jpg\" class=\"alignnone size-medium wp-image-288\" src=\"http:\/\/picot-irenee-potier-ceramiste.fr\/wp-content\/uploads\/2015\/05\/cha-017-211x300.jpg\" alt=\"cha 017\" width=\"211\" height=\"300\" srcset=\"https:\/\/picot-irenee-potier-ceramiste.fr\/wp-content\/uploads\/2015\/05\/cha-017-211x300.jpg 211w, https:\/\/picot-irenee-potier-ceramiste.fr\/wp-content\/uploads\/2015\/05\/cha-017-721x1024.jpg 721w, https:\/\/picot-irenee-potier-ceramiste.fr\/wp-content\/uploads\/2015\/05\/cha-017.jpg 1656w\" sizes=\"auto, (max-width: 211px) 100vw, 211px\" \/><\/a> <a href=\"http:\/\/picot-irenee-potier-ceramiste.fr\/wp-content\/uploads\/2015\/05\/cha-021.jpg\"><img loading=\"lazy\" decoding=\"async\" data-attachment-id=\"292\" data-permalink=\"https:\/\/picot-irenee-potier-ceramiste.fr\/?attachment_id=292\" data-orig-file=\"https:\/\/picot-irenee-potier-ceramiste.fr\/wp-content\/uploads\/2015\/05\/cha-021.jpg\" data-orig-size=\"3072,1728\" data-comments-opened=\"1\" data-image-meta=\"{&quot;aperture&quot;:&quot;3.1&quot;,&quot;credit&quot;:&quot;&quot;,&quot;camera&quot;:&quot;FinePix S2995&quot;,&quot;caption&quot;:&quot;&quot;,&quot;created_timestamp&quot;:&quot;1419686338&quot;,&quot;copyright&quot;:&quot;&quot;,&quot;focal_length&quot;:&quot;5&quot;,&quot;iso&quot;:&quot;800&quot;,&quot;shutter_speed&quot;:&quot;0.022222222222222&quot;,&quot;title&quot;:&quot;&quot;,&quot;orientation&quot;:&quot;1&quot;}\" data-image-title=\"cha 021\" data-image-description=\"\" data-image-caption=\"\" data-large-file=\"https:\/\/picot-irenee-potier-ceramiste.fr\/wp-content\/uploads\/2015\/05\/cha-021-1024x576.jpg\" class=\"alignnone size-medium wp-image-292\" src=\"http:\/\/picot-irenee-potier-ceramiste.fr\/wp-content\/uploads\/2015\/05\/cha-021-300x169.jpg\" alt=\"cha 021\" width=\"300\" height=\"169\" srcset=\"https:\/\/picot-irenee-potier-ceramiste.fr\/wp-content\/uploads\/2015\/05\/cha-021-300x169.jpg 300w, https:\/\/picot-irenee-potier-ceramiste.fr\/wp-content\/uploads\/2015\/05\/cha-021-1024x576.jpg 1024w\" sizes=\"auto, (max-width: 300px) 100vw, 300px\" \/><\/a> <a href=\"http:\/\/picot-irenee-potier-ceramiste.fr\/wp-content\/uploads\/2015\/05\/cha-020.jpg\"><img loading=\"lazy\" decoding=\"async\" data-attachment-id=\"291\" data-permalink=\"https:\/\/picot-irenee-potier-ceramiste.fr\/?attachment_id=291\" data-orig-file=\"https:\/\/picot-irenee-potier-ceramiste.fr\/wp-content\/uploads\/2015\/05\/cha-020.jpg\" data-orig-size=\"1728,3072\" data-comments-opened=\"1\" data-image-meta=\"{&quot;aperture&quot;:&quot;3.1&quot;,&quot;credit&quot;:&quot;&quot;,&quot;camera&quot;:&quot;FinePix S2995&quot;,&quot;caption&quot;:&quot;&quot;,&quot;created_timestamp&quot;:&quot;1419686212&quot;,&quot;copyright&quot;:&quot;&quot;,&quot;focal_length&quot;:&quot;5&quot;,&quot;iso&quot;:&quot;800&quot;,&quot;shutter_speed&quot;:&quot;0.05&quot;,&quot;title&quot;:&quot;&quot;,&quot;orientation&quot;:&quot;1&quot;}\" data-image-title=\"cha 020\" data-image-description=\"\" data-image-caption=\"\" data-large-file=\"https:\/\/picot-irenee-potier-ceramiste.fr\/wp-content\/uploads\/2015\/05\/cha-020-576x1024.jpg\" class=\"alignnone size-medium wp-image-291\" src=\"http:\/\/picot-irenee-potier-ceramiste.fr\/wp-content\/uploads\/2015\/05\/cha-020-169x300.jpg\" alt=\"cha 020\" width=\"169\" height=\"300\" srcset=\"https:\/\/picot-irenee-potier-ceramiste.fr\/wp-content\/uploads\/2015\/05\/cha-020-169x300.jpg 169w, https:\/\/picot-irenee-potier-ceramiste.fr\/wp-content\/uploads\/2015\/05\/cha-020-576x1024.jpg 576w, https:\/\/picot-irenee-potier-ceramiste.fr\/wp-content\/uploads\/2015\/05\/cha-020.jpg 1728w\" sizes=\"auto, (max-width: 169px) 100vw, 169px\" \/><\/a> <a href=\"http:\/\/picot-irenee-potier-ceramiste.fr\/wp-content\/uploads\/2015\/05\/cha-024.jpg\"><img loading=\"lazy\" decoding=\"async\" data-attachment-id=\"294\" data-permalink=\"https:\/\/picot-irenee-potier-ceramiste.fr\/?attachment_id=294\" data-orig-file=\"https:\/\/picot-irenee-potier-ceramiste.fr\/wp-content\/uploads\/2015\/05\/cha-024.jpg\" data-orig-size=\"1728,3072\" data-comments-opened=\"1\" data-image-meta=\"{&quot;aperture&quot;:&quot;3.1&quot;,&quot;credit&quot;:&quot;&quot;,&quot;camera&quot;:&quot;FinePix S2995&quot;,&quot;caption&quot;:&quot;&quot;,&quot;created_timestamp&quot;:&quot;1419686942&quot;,&quot;copyright&quot;:&quot;&quot;,&quot;focal_length&quot;:&quot;5&quot;,&quot;iso&quot;:&quot;800&quot;,&quot;shutter_speed&quot;:&quot;0.22222222222222&quot;,&quot;title&quot;:&quot;&quot;,&quot;orientation&quot;:&quot;1&quot;}\" data-image-title=\"cha 024\" data-image-description=\"\" data-image-caption=\"\" data-large-file=\"https:\/\/picot-irenee-potier-ceramiste.fr\/wp-content\/uploads\/2015\/05\/cha-024-576x1024.jpg\" class=\"alignnone size-medium wp-image-294\" src=\"http:\/\/picot-irenee-potier-ceramiste.fr\/wp-content\/uploads\/2015\/05\/cha-024-169x300.jpg\" alt=\"cha 024\" width=\"169\" height=\"300\" srcset=\"https:\/\/picot-irenee-potier-ceramiste.fr\/wp-content\/uploads\/2015\/05\/cha-024-169x300.jpg 169w, https:\/\/picot-irenee-potier-ceramiste.fr\/wp-content\/uploads\/2015\/05\/cha-024-576x1024.jpg 576w, https:\/\/picot-irenee-potier-ceramiste.fr\/wp-content\/uploads\/2015\/05\/cha-024.jpg 1728w\" sizes=\"auto, (max-width: 169px) 100vw, 169px\" \/><\/a> <a href=\"http:\/\/picot-irenee-potier-ceramiste.fr\/wp-content\/uploads\/2015\/05\/cha-018.jpg\"><img loading=\"lazy\" decoding=\"async\" data-attachment-id=\"289\" data-permalink=\"https:\/\/picot-irenee-potier-ceramiste.fr\/?attachment_id=289\" data-orig-file=\"https:\/\/picot-irenee-potier-ceramiste.fr\/wp-content\/uploads\/2015\/05\/cha-018.jpg\" data-orig-size=\"1728,3072\" data-comments-opened=\"1\" data-image-meta=\"{&quot;aperture&quot;:&quot;3.1&quot;,&quot;credit&quot;:&quot;&quot;,&quot;camera&quot;:&quot;FinePix S2995&quot;,&quot;caption&quot;:&quot;&quot;,&quot;created_timestamp&quot;:&quot;1419685394&quot;,&quot;copyright&quot;:&quot;&quot;,&quot;focal_length&quot;:&quot;5&quot;,&quot;iso&quot;:&quot;800&quot;,&quot;shutter_speed&quot;:&quot;0.037037037037037&quot;,&quot;title&quot;:&quot;&quot;,&quot;orientation&quot;:&quot;1&quot;}\" data-image-title=\"cha 018\" data-image-description=\"\" data-image-caption=\"\" data-large-file=\"https:\/\/picot-irenee-potier-ceramiste.fr\/wp-content\/uploads\/2015\/05\/cha-018-576x1024.jpg\" class=\"alignnone size-medium wp-image-289\" src=\"http:\/\/picot-irenee-potier-ceramiste.fr\/wp-content\/uploads\/2015\/05\/cha-018-169x300.jpg\" alt=\"cha 018\" width=\"169\" height=\"300\" srcset=\"https:\/\/picot-irenee-potier-ceramiste.fr\/wp-content\/uploads\/2015\/05\/cha-018-169x300.jpg 169w, https:\/\/picot-irenee-potier-ceramiste.fr\/wp-content\/uploads\/2015\/05\/cha-018-576x1024.jpg 576w, https:\/\/picot-irenee-potier-ceramiste.fr\/wp-content\/uploads\/2015\/05\/cha-018.jpg 1728w\" sizes=\"auto, (max-width: 169px) 100vw, 169px\" \/><\/a> <a href=\"http:\/\/picot-irenee-potier-ceramiste.fr\/wp-content\/uploads\/2015\/02\/DSCN00jj.jpg\"><img loading=\"lazy\" decoding=\"async\" data-attachment-id=\"303\" data-permalink=\"https:\/\/picot-irenee-potier-ceramiste.fr\/?attachment_id=303\" data-orig-file=\"https:\/\/picot-irenee-potier-ceramiste.fr\/wp-content\/uploads\/2015\/02\/DSCN00jj.jpg\" data-orig-size=\"1536,2048\" data-comments-opened=\"1\" data-image-meta=\"{&quot;aperture&quot;:&quot;2.8&quot;,&quot;credit&quot;:&quot;&quot;,&quot;camera&quot;:&quot;E3200&quot;,&quot;caption&quot;:&quot;&quot;,&quot;created_timestamp&quot;:&quot;1097338233&quot;,&quot;copyright&quot;:&quot;&quot;,&quot;focal_length&quot;:&quot;5.8&quot;,&quot;iso&quot;:&quot;50&quot;,&quot;shutter_speed&quot;:&quot;0.13698630136986&quot;,&quot;title&quot;:&quot;&quot;,&quot;orientation&quot;:&quot;1&quot;}\" data-image-title=\"DSCN00jj\" data-image-description=\"\" data-image-caption=\"\" data-large-file=\"https:\/\/picot-irenee-potier-ceramiste.fr\/wp-content\/uploads\/2015\/02\/DSCN00jj-768x1024.jpg\" class=\"alignnone size-medium wp-image-303\" src=\"http:\/\/picot-irenee-potier-ceramiste.fr\/wp-content\/uploads\/2015\/02\/DSCN00jj-225x300.jpg\" alt=\"DSCN00jj\" width=\"225\" height=\"300\" srcset=\"https:\/\/picot-irenee-potier-ceramiste.fr\/wp-content\/uploads\/2015\/02\/DSCN00jj-225x300.jpg 225w, https:\/\/picot-irenee-potier-ceramiste.fr\/wp-content\/uploads\/2015\/02\/DSCN00jj-768x1024.jpg 768w, https:\/\/picot-irenee-potier-ceramiste.fr\/wp-content\/uploads\/2015\/02\/DSCN00jj.jpg 1536w\" sizes=\"auto, (max-width: 225px) 100vw, 225px\" \/><\/a><a href=\"http:\/\/picot-irenee-potier-ceramiste.fr\/wp-content\/uploads\/2015\/10\/marcher-de-potier-carca.jpg\"><img loading=\"lazy\" decoding=\"async\" data-attachment-id=\"489\" data-permalink=\"https:\/\/picot-irenee-potier-ceramiste.fr\/?attachment_id=489\" data-orig-file=\"https:\/\/picot-irenee-potier-ceramiste.fr\/wp-content\/uploads\/2015\/10\/marcher-de-potier-carca.jpg\" data-orig-size=\"2592,1944\" data-comments-opened=\"1\" data-image-meta=\"{&quot;aperture&quot;:&quot;5.6&quot;,&quot;credit&quot;:&quot;&quot;,&quot;camera&quot;:&quot;DSC-T33&quot;,&quot;caption&quot;:&quot;&quot;,&quot;created_timestamp&quot;:&quot;1121597306&quot;,&quot;copyright&quot;:&quot;&quot;,&quot;focal_length&quot;:&quot;6.7&quot;,&quot;iso&quot;:&quot;100&quot;,&quot;shutter_speed&quot;:&quot;0.003125&quot;,&quot;title&quot;:&quot;&quot;,&quot;orientation&quot;:&quot;1&quot;}\" data-image-title=\"marcher de potier carca\" data-image-description=\"\" data-image-caption=\"\" data-large-file=\"https:\/\/picot-irenee-potier-ceramiste.fr\/wp-content\/uploads\/2015\/10\/marcher-de-potier-carca-1024x768.jpg\" class=\"alignnone size-medium wp-image-489\" src=\"http:\/\/picot-irenee-potier-ceramiste.fr\/wp-content\/uploads\/2015\/10\/marcher-de-potier-carca-300x225.jpg\" alt=\"marcher de potier carca\" width=\"300\" height=\"225\" srcset=\"https:\/\/picot-irenee-potier-ceramiste.fr\/wp-content\/uploads\/2015\/10\/marcher-de-potier-carca-300x225.jpg 300w, https:\/\/picot-irenee-potier-ceramiste.fr\/wp-content\/uploads\/2015\/10\/marcher-de-potier-carca-1024x768.jpg 1024w\" sizes=\"auto, (max-width: 300px) 100vw, 300px\" \/><\/a><a href=\"http:\/\/picot-irenee-potier-ceramiste.fr\/wp-content\/uploads\/2015\/10\/marcher-potier-carca-irenee-au-centre.jpg\"><img loading=\"lazy\" decoding=\"async\" data-attachment-id=\"490\" data-permalink=\"https:\/\/picot-irenee-potier-ceramiste.fr\/?attachment_id=490\" data-orig-file=\"https:\/\/picot-irenee-potier-ceramiste.fr\/wp-content\/uploads\/2015\/10\/marcher-potier-carca-irenee-au-centre.jpg\" data-orig-size=\"2592,1944\" data-comments-opened=\"1\" data-image-meta=\"{&quot;aperture&quot;:&quot;5.6&quot;,&quot;credit&quot;:&quot;&quot;,&quot;camera&quot;:&quot;DSC-T33&quot;,&quot;caption&quot;:&quot;&quot;,&quot;created_timestamp&quot;:&quot;1121514018&quot;,&quot;copyright&quot;:&quot;&quot;,&quot;focal_length&quot;:&quot;6.7&quot;,&quot;iso&quot;:&quot;100&quot;,&quot;shutter_speed&quot;:&quot;0.005&quot;,&quot;title&quot;:&quot;&quot;,&quot;orientation&quot;:&quot;1&quot;}\" data-image-title=\"march\u00e9 de carcassonne\" data-image-description=\"\" data-image-caption=\"\" data-large-file=\"https:\/\/picot-irenee-potier-ceramiste.fr\/wp-content\/uploads\/2015\/10\/marcher-potier-carca-irenee-au-centre-1024x768.jpg\" class=\"alignnone size-medium wp-image-490\" src=\"http:\/\/picot-irenee-potier-ceramiste.fr\/wp-content\/uploads\/2015\/10\/marcher-potier-carca-irenee-au-centre-300x225.jpg\" alt=\"marcher potier carca irenee au centre\" width=\"300\" height=\"225\" srcset=\"https:\/\/picot-irenee-potier-ceramiste.fr\/wp-content\/uploads\/2015\/10\/marcher-potier-carca-irenee-au-centre-300x225.jpg 300w, https:\/\/picot-irenee-potier-ceramiste.fr\/wp-content\/uploads\/2015\/10\/marcher-potier-carca-irenee-au-centre-1024x768.jpg 1024w\" sizes=\"auto, (max-width: 300px) 100vw, 300px\" \/><\/a><\/p>\n<p>En 1992, je d\u00e9m\u00e9nage au Moulin \u00e0 Labastide de Couloumat sur les coteaux au dessus de Belpech, l\u00e0 je construis un nouvel atelier et r\u00e9nove la maison.<\/p>\n<p>En 1998, organisation du march\u00e9 de potiers de Maz\u00e8res (09).<\/p>\n<p>En 2004, organisation du march\u00e9 de potiers de Montolieu. (village du livre 11).<\/p>\n<p>En 2005, organisation du march\u00e9 de potiers de Carcassonne.<\/p>\n<p>En 2007, cr\u00e9ation de l&rsquo;Association \u00ab\u00a0Terre d&rsquo;Aude\u00a0\u00bb avec Robert Bousquet, cette association continue \u00e0 organiser des march\u00e9s, dans la r\u00e9gion. Rencontre avec Jean-Michel Campagne, potier tourneur, fabricant de vases d&rsquo;Anduze.<\/p>\n<p>&nbsp;<\/p>\n<p>Expositions dans les salons d&rsquo;artisanat d&rsquo;art :<\/p>\n<p>&#8211; Toulouse (31)<\/p>\n<p>&#8211; Marthe Tolosane ((31)<\/p>\n<p>&#8211; Plaisance du Touch (31)<\/p>\n<p>&#8211; Paris Neully (75)<\/p>\n<p>&#8211; Paris \u00ab\u00a0rue Mouffetard\u00a0\u00bb (75)<\/p>\n<p>&#8211; Versaille (75)<\/p>\n<p>&#8211; Saint Etienne (42)<\/p>\n<p>&#8211; March\u00e9s de potiers sur toute la France et essentiellement en Languedoc Roussillon, Midi Pyr\u00e9n\u00e9es<\/p>\n<p>&#8211; Expositions dans diff\u00e9rentes galeries<\/p>\n<p>&#8211; Plusieurs prix m&rsquo;ont \u00e9t\u00e9 remis, articles dans diff\u00e9rents journaux (Midi Libre, Rustica, Maison de France, L&rsquo;Ind\u00e9pendant, La D\u00e9p\u00eache&#8230;)<\/p>\n<p>&nbsp;<\/p>\n","protected":false},"excerpt":{"rendered":"<p class=\"excerpt\">Je suis install\u00e9 en tant que potier c\u00e9ramiste depuis 1989. Je suis n\u00e9 \u00e0 Turet\u00f4t (76) en 1956. Je vis en Normandie, dans la r\u00e9gion d&rsquo;Yvet\u00f4t (76) pr\u00e8s de Rouen jusqu&rsquo;en 1981. Je passe un CAP de m\u00e9canique g\u00e9n\u00e9rale en 1974. Au fil de mes rencontres, je m&rsquo;int\u00e9resse \u00e0 la peinture et \u00e0 la sculpture. Je m&rsquo;inscris au cours du&hellip; <a href=\"https:\/\/picot-irenee-potier-ceramiste.fr\/?page_id=11\">Read more &rarr;<\/a><\/p>\n","protected":false},"author":1,"featured_media":0,"parent":0,"menu_order":0,"comment_status":"closed","ping_status":"open","template":"","meta":{"jetpack_post_was_ever_published":false,"footnotes":""},"class_list":["post-11","page","type-page","status-publish","hentry","xfolkentry"],"jetpack_sharing_enabled":true,"jetpack_shortlink":"https:\/\/wp.me\/P5KhQQ-b","_links":{"self":[{"href":"https:\/\/picot-irenee-potier-ceramiste.fr\/index.php?rest_route=\/wp\/v2\/pages\/11","targetHints":{"allow":["GET"]}}],"collection":[{"href":"https:\/\/picot-irenee-potier-ceramiste.fr\/index.php?rest_route=\/wp\/v2\/pages"}],"about":[{"href":"https:\/\/picot-irenee-potier-ceramiste.fr\/index.php?rest_route=\/wp\/v2\/types\/page"}],"author":[{"embeddable":true,"href":"https:\/\/picot-irenee-potier-ceramiste.fr\/index.php?rest_route=\/wp\/v2\/users\/1"}],"replies":[{"embeddable":true,"href":"https:\/\/picot-irenee-potier-ceramiste.fr\/index.php?rest_route=%2Fwp%2Fv2%2Fcomments&post=11"}],"version-history":[{"count":10,"href":"https:\/\/picot-irenee-potier-ceramiste.fr\/index.php?rest_route=\/wp\/v2\/pages\/11\/revisions"}],"predecessor-version":[{"id":324,"href":"https:\/\/picot-irenee-potier-ceramiste.fr\/index.php?rest_route=\/wp\/v2\/pages\/11\/revisions\/324"}],"wp:attachment":[{"href":"https:\/\/picot-irenee-potier-ceramiste.fr\/index.php?rest_route=%2Fwp%2Fv2%2Fmedia&parent=11"}],"curies":[{"name":"wp","href":"https:\/\/api.w.org\/{rel}","templated":true}]}}